{"id":1388,"date":"2023-08-11T10:25:39","date_gmt":"2023-08-11T10:25:39","guid":{"rendered":"https:\/\/pletadelangleva.com\/tipos-de-viviendas-y-planos\/"},"modified":"2023-09-20T14:43:24","modified_gmt":"2023-09-20T14:43:24","slug":"types-de-logements-et-plans","status":"publish","type":"page","link":"https:\/\/pletadelangleva.com\/fr\/types-de-logements-et-plans\/","title":{"rendered":"Types de logements et plans"},"content":{"rendered":"","protected":false},"excerpt":{"rendered":"","protected":false},"author":1,"featured_media":0,"parent":0,"menu_order":0,"comment_status":"closed","ping_status":"closed","template":"page-templates\/page-flexible.php","meta":{"_acf_changed":false,"footnotes":""},"class_list":["post-1388","page","type-page","status-publish","hentry"],"acf":[],"yoast_head":"<!-- This site is optimized with the Yoast SEO plugin v27.4 - https:\/\/yoast.com\/product\/yoast-seo-wordpress\/ -->\n<title>Pleta de l\u2019Angleva Andorre \u2013 Logements et plans<\/title>\n<meta name=\"description\" content=\"Les logements cherchent \u00e0 mettre en relation l\u2019int\u00e9rieur et l\u2019ext\u00e9rieur, avec une transversalit\u00e9, rendant les logements flexibles, cette flexibilit\u00e9 \u00e9tant comprise comme la capacit\u00e9 pour tout type de famille de s\u2019y adapter.\" \/>\n<meta name=\"robots\" content=\"index, follow, max-snippet:-1, max-image-preview:large, max-video-preview:-1\" \/>\n<link rel=\"canonical\" href=\"https:\/\/pletadelangleva.com\/fr\/types-de-logements-et-plans\/\" \/>\n<meta property=\"og:locale\" content=\"fr_FR\" \/>\n<meta property=\"og:type\" content=\"article\" \/>\n<meta property=\"og:title\" content=\"Pleta de l\u2019Angleva Andorre \u2013 Logements et plans\" \/>\n<meta property=\"og:description\" content=\"Les logements cherchent \u00e0 mettre en relation l\u2019int\u00e9rieur et l\u2019ext\u00e9rieur, avec une transversalit\u00e9, rendant les logements flexibles, cette flexibilit\u00e9 \u00e9tant comprise comme la capacit\u00e9 pour tout type de famille de s\u2019y adapter.\" \/>\n<meta property=\"og:url\" content=\"https:\/\/pletadelangleva.com\/fr\/types-de-logements-et-plans\/\" \/>\n<meta property=\"og:site_name\" content=\"Pleta de l&#039;Angleva\" \/>\n<meta property=\"article:modified_time\" content=\"2023-09-20T14:43:24+00:00\" \/>\n<meta name=\"twitter:card\" content=\"summary_large_image\" \/>\n<script type=\"application\/ld+json\" class=\"yoast-schema-graph\">{\"@context\":\"https:\\\/\\\/schema.org\",\"@graph\":[{\"@type\":\"WebPage\",\"@id\":\"https:\\\/\\\/pletadelangleva.com\\\/fr\\\/types-de-logements-et-plans\\\/\",\"url\":\"https:\\\/\\\/pletadelangleva.com\\\/fr\\\/types-de-logements-et-plans\\\/\",\"name\":\"Pleta de l\u2019Angleva Andorre \u2013 Logements et plans\",\"isPartOf\":{\"@id\":\"https:\\\/\\\/pletadelangleva.com\\\/fr\\\/#website\"},\"datePublished\":\"2023-08-11T10:25:39+00:00\",\"dateModified\":\"2023-09-20T14:43:24+00:00\",\"description\":\"Les logements cherchent \u00e0 mettre en relation l\u2019int\u00e9rieur et l\u2019ext\u00e9rieur, avec une transversalit\u00e9, rendant les logements flexibles, cette flexibilit\u00e9 \u00e9tant comprise comme la capacit\u00e9 pour tout type de famille de s\u2019y adapter.\",\"breadcrumb\":{\"@id\":\"https:\\\/\\\/pletadelangleva.com\\\/fr\\\/types-de-logements-et-plans\\\/#breadcrumb\"},\"inLanguage\":\"fr-FR\",\"potentialAction\":[{\"@type\":\"ReadAction\",\"target\":[\"https:\\\/\\\/pletadelangleva.com\\\/fr\\\/types-de-logements-et-plans\\\/\"]}]},{\"@type\":\"BreadcrumbList\",\"@id\":\"https:\\\/\\\/pletadelangleva.com\\\/fr\\\/types-de-logements-et-plans\\\/#breadcrumb\",\"itemListElement\":[{\"@type\":\"ListItem\",\"position\":1,\"name\":\"Portada\",\"item\":\"https:\\\/\\\/pletadelangleva.com\\\/fr\\\/\"},{\"@type\":\"ListItem\",\"position\":2,\"name\":\"Types de logements et plans\"}]},{\"@type\":\"WebSite\",\"@id\":\"https:\\\/\\\/pletadelangleva.com\\\/fr\\\/#website\",\"url\":\"https:\\\/\\\/pletadelangleva.com\\\/fr\\\/\",\"name\":\"Pleta de l&#039;Angleva\",\"description\":\"Black Horse - Pleta de l&#039;Angleva\",\"potentialAction\":[{\"@type\":\"SearchAction\",\"target\":{\"@type\":\"EntryPoint\",\"urlTemplate\":\"https:\\\/\\\/pletadelangleva.com\\\/fr\\\/?s={search_term_string}\"},\"query-input\":{\"@type\":\"PropertyValueSpecification\",\"valueRequired\":true,\"valueName\":\"search_term_string\"}}],\"inLanguage\":\"fr-FR\"}]}<\/script>\n<!-- \/ Yoast SEO plugin. -->","yoast_head_json":{"title":"Pleta de l\u2019Angleva Andorre \u2013 Logements et plans","description":"Les logements cherchent \u00e0 mettre en relation l\u2019int\u00e9rieur et l\u2019ext\u00e9rieur, avec une transversalit\u00e9, rendant les logements flexibles, cette flexibilit\u00e9 \u00e9tant comprise comme la capacit\u00e9 pour tout type de famille de s\u2019y adapter.","robots":{"index":"index","follow":"follow","max-snippet":"max-snippet:-1","max-image-preview":"max-image-preview:large","max-video-preview":"max-video-preview:-1"},"canonical":"https:\/\/pletadelangleva.com\/fr\/types-de-logements-et-plans\/","og_locale":"fr_FR","og_type":"article","og_title":"Pleta de l\u2019Angleva Andorre \u2013 Logements et plans","og_description":"Les logements cherchent \u00e0 mettre en relation l\u2019int\u00e9rieur et l\u2019ext\u00e9rieur, avec une transversalit\u00e9, rendant les logements flexibles, cette flexibilit\u00e9 \u00e9tant comprise comme la capacit\u00e9 pour tout type de famille de s\u2019y adapter.","og_url":"https:\/\/pletadelangleva.com\/fr\/types-de-logements-et-plans\/","og_site_name":"Pleta de l&#039;Angleva","article_modified_time":"2023-09-20T14:43:24+00:00","twitter_card":"summary_large_image","schema":{"@context":"https:\/\/schema.org","@graph":[{"@type":"WebPage","@id":"https:\/\/pletadelangleva.com\/fr\/types-de-logements-et-plans\/","url":"https:\/\/pletadelangleva.com\/fr\/types-de-logements-et-plans\/","name":"Pleta de l\u2019Angleva Andorre \u2013 Logements et plans","isPartOf":{"@id":"https:\/\/pletadelangleva.com\/fr\/#website"},"datePublished":"2023-08-11T10:25:39+00:00","dateModified":"2023-09-20T14:43:24+00:00","description":"Les logements cherchent \u00e0 mettre en relation l\u2019int\u00e9rieur et l\u2019ext\u00e9rieur, avec une transversalit\u00e9, rendant les logements flexibles, cette flexibilit\u00e9 \u00e9tant comprise comme la capacit\u00e9 pour tout type de famille de s\u2019y adapter.","breadcrumb":{"@id":"https:\/\/pletadelangleva.com\/fr\/types-de-logements-et-plans\/#breadcrumb"},"inLanguage":"fr-FR","potentialAction":[{"@type":"ReadAction","target":["https:\/\/pletadelangleva.com\/fr\/types-de-logements-et-plans\/"]}]},{"@type":"BreadcrumbList","@id":"https:\/\/pletadelangleva.com\/fr\/types-de-logements-et-plans\/#breadcrumb","itemListElement":[{"@type":"ListItem","position":1,"name":"Portada","item":"https:\/\/pletadelangleva.com\/fr\/"},{"@type":"ListItem","position":2,"name":"Types de logements et plans"}]},{"@type":"WebSite","@id":"https:\/\/pletadelangleva.com\/fr\/#website","url":"https:\/\/pletadelangleva.com\/fr\/","name":"Pleta de l&#039;Angleva","description":"Black Horse - Pleta de l&#039;Angleva","potentialAction":[{"@type":"SearchAction","target":{"@type":"EntryPoint","urlTemplate":"https:\/\/pletadelangleva.com\/fr\/?s={search_term_string}"},"query-input":{"@type":"PropertyValueSpecification","valueRequired":true,"valueName":"search_term_string"}}],"inLanguage":"fr-FR"}]}},"_links":{"self":[{"href":"https:\/\/pletadelangleva.com\/fr\/wp-json\/wp\/v2\/pages\/1388","targetHints":{"allow":["GET"]}}],"collection":[{"href":"https:\/\/pletadelangleva.com\/fr\/wp-json\/wp\/v2\/pages"}],"about":[{"href":"https:\/\/pletadelangleva.com\/fr\/wp-json\/wp\/v2\/types\/page"}],"author":[{"embeddable":true,"href":"https:\/\/pletadelangleva.com\/fr\/wp-json\/wp\/v2\/users\/1"}],"replies":[{"embeddable":true,"href":"https:\/\/pletadelangleva.com\/fr\/wp-json\/wp\/v2\/comments?post=1388"}],"version-history":[{"count":0,"href":"https:\/\/pletadelangleva.com\/fr\/wp-json\/wp\/v2\/pages\/1388\/revisions"}],"wp:attachment":[{"href":"https:\/\/pletadelangleva.com\/fr\/wp-json\/wp\/v2\/media?parent=1388"}],"curies":[{"name":"wp","href":"https:\/\/api.w.org\/{rel}","templated":true}]}}